{"id":15062,"date":"2026-02-18T21:56:51","date_gmt":"2026-02-18T21:56:51","guid":{"rendered":"https:\/\/alcaldiaalbertoadriani.com\/?page_id=15062"},"modified":"2026-04-08T21:37:10","modified_gmt":"2026-04-08T21:37:10","slug":"concuerso-abierto-de-servicio-26-f","status":"publish","type":"page","link":"https:\/\/alcaldiaalbertoadriani.com\/?page_id=15062","title":{"rendered":"CONCURSO ABIERTO DE SERVICIO-26- F"},"content":{"rendered":"<p>[et_pb_section fb_built=&#8221;1&#8243; make_equal=&#8221;on&#8221; use_custom_gutter=&#8221;on&#8221; gutter_width=&#8221;1&#8243; specialty=&#8221;on&#8221; next_background_color=&#8221;#002768&#8243; background_size_1=&#8221;cover&#8221; admin_label=&#8221;Hero&#8221; _builder_version=&#8221;4.17.6&#8243; background_color=&#8221;#002768&#8243; background_image=&#8221;https:\/\/alcaldiaalbertoadriani.com\/wp-content\/uploads\/2023\/01\/job-4131482_960_720.jpg&#8221; background_size=&#8221;stretch&#8221; inner_width=&#8221;100%&#8221; inner_max_width=&#8221;100%&#8221; custom_margin=&#8221;||17px|||&#8221; custom_padding=&#8221;0px||114px||false|&#8221; bottom_divider_style=&#8221;slant&#8221; bottom_divider_flip=&#8221;horizontal&#8221; bottom_divider_arrangement=&#8221;above_content&#8221; use_custom_width=&#8221;on&#8221; width_unit=&#8221;off&#8221; custom_width_percent=&#8221;100%&#8221; global_colors_info=&#8221;{}&#8221;][et_pb_column type=&#8221;1_2&#8243; _builder_version=&#8221;4.16&#8243; custom_padding=&#8221;|||&#8221; global_colors_info=&#8221;{}&#8221; custom_padding__hover=&#8221;|||&#8221;][et_pb_divider show_divider=&#8221;off&#8221; _builder_version=&#8221;4.17.6&#8243; background_color=&#8221;RGBA(255,255,255,0)&#8221; height=&#8221;300px&#8221; global_colors_info=&#8221;{}&#8221;][\/et_pb_divider][\/et_pb_column][et_pb_column type=&#8221;1_2&#8243; specialty_columns=&#8221;2&#8243; _builder_version=&#8221;4.16&#8243; custom_padding=&#8221;|||&#8221; global_colors_info=&#8221;{}&#8221; custom_padding__hover=&#8221;|||&#8221;][\/et_pb_column][\/et_pb_section][et_pb_section fb_built=&#8221;1&#8243; fullwidth=&#8221;on&#8221; _builder_version=&#8221;4.17.6&#8243; _module_preset=&#8221;default&#8221; background_color=&#8221;#002768&#8243; global_colors_info=&#8221;{}&#8221;][et_pb_fullwidth_header title=&#8221;Contrataciones P\u00fablicas 2026&#8243; _builder_version=&#8221;4.17.6&#8243; _module_preset=&#8221;default&#8221; title_font=&#8221;||||||||&#8221; title_font_size=&#8221;38px&#8221; content_font_size=&#8221;20px&#8221; background_color=&#8221;#002768&#8243; custom_margin=&#8221;-20px|||||&#8221; title_text_shadow_style=&#8221;preset1&#8243; title_text_shadow_blur_strength=&#8221;0.19em&#8221; global_colors_info=&#8221;{}&#8221;]<\/p>\n<p>&nbsp;<\/p>\n<p>&nbsp;<\/p>\n<p>[\/et_pb_fullwidth_header][\/et_pb_section][et_pb_section fb_built=&#8221;1&#8243; _builder_version=&#8221;4.17.6&#8243; _module_preset=&#8221;default&#8221; background_image=&#8221;https:\/\/alcaldiaalbertoadriani.com\/wp-content\/uploads\/2022\/07\/flayer-2-alcaldia-aa-ini.jpg&#8221; global_colors_info=&#8221;{}&#8221;][et_pb_row _builder_version=&#8221;4.17.6&#8243; _module_preset=&#8221;default&#8221; global_colors_info=&#8221;{}&#8221;][et_pb_column type=&#8221;4_4&#8243; _builder_version=&#8221;4.17.6&#8243; _module_preset=&#8221;default&#8221; global_colors_info=&#8221;{}&#8221;][et_pb_text _builder_version=&#8221;4.17.6&#8243; _module_preset=&#8221;default&#8221; text_text_color=&#8221;#002768&#8243; text_font_size=&#8221;54px&#8221; text_font_size_tablet=&#8221;36px&#8221; text_font_size_phone=&#8221;31px&#8221; text_font_size_last_edited=&#8221;on|desktop&#8221; text_text_shadow_style=&#8221;preset1&#8243; global_colors_info=&#8221;{}&#8221;]<\/p>\n<p style=\"text-align: center;\"><strong>Llamado a concurso abierto de servicio<\/strong><\/p>\n<p>[\/et_pb_text][et_pb_text _builder_version=&#8221;4.17.6&#8243; _module_preset=&#8221;default&#8221; text_text_color=&#8221;#002768&#8243; text_font_size=&#8221;54px&#8221; text_font_size_tablet=&#8221;36px&#8221; text_font_size_phone=&#8221;31px&#8221; text_font_size_last_edited=&#8221;on|desktop&#8221; text_text_shadow_style=&#8221;preset1&#8243; global_colors_info=&#8221;{}&#8221;]<\/p>\n<p style=\"text-align: center;\"><strong>\u00a02026<\/strong><\/p>\n<p>[\/et_pb_text][\/et_pb_column][\/et_pb_row][et_pb_row column_structure=&#8221;1_2,1_2&#8243; _builder_version=&#8221;4.17.6&#8243; _module_preset=&#8221;default&#8221; global_colors_info=&#8221;{}&#8221;][et_pb_column type=&#8221;1_2&#8243; _builder_version=&#8221;4.17.6&#8243; _module_preset=&#8221;default&#8221; global_colors_info=&#8221;{}&#8221;][et_pb_text _builder_version=&#8221;4.17.6&#8243; _module_preset=&#8221;default&#8221; text_font=&#8221;|800|||||||&#8221; text_text_color=&#8221;#0A0100&#8243; text_font_size=&#8221;18px&#8221; text_orientation=&#8221;center&#8221; global_colors_info=&#8221;{}&#8221;]<\/p>\n<p>\u00a0SERVICIO DE PUBLICIDAD Y PROPAGANDA RADIAL, TELEVISIVA Y DIGITAL PARA LA PROMOCI\u00d3N INSTITUCIONAL DE LA ALCALD\u00cdA DEL MUNI<\/p>\n<p>[\/et_pb_text][et_pb_code _builder_version=&#8221;4.17.6&#8243; _module_preset=&#8221;default&#8221; custom_margin=&#8221;49px|||||&#8221; global_colors_info=&#8221;{}&#8221;]<iframe src=\"https:\/\/alcaldiaalbertoadriani.com\/wp-content\/uploads\/2026\/02\/AMAA_CCP_CAS_001-2026-SERVICIO-DE-PUBLICIDAD-Y-PROPAGANDA-RADIAL-TELEVISIVA-Y-DIGITAL-PARA-LA-PROMOCION-INSTITUCIONAL-DE-LA-ALCALDIA-DEL-MUNI.pdf\"<!-- [et_pb_line_break_holder] -->height=&#8221;600px&#8221; width=&#8221;100%&#8221; ><\/iframe>[\/et_pb_code][\/et_pb_column][et_pb_column type=&#8221;1_2&#8243; _builder_version=&#8221;4.17.6&#8243; _module_preset=&#8221;default&#8221; global_colors_info=&#8221;{}&#8221;][et_pb_text _builder_version=&#8221;4.17.6&#8243; _module_preset=&#8221;default&#8221; text_font=&#8221;|800|||||||&#8221; text_text_color=&#8221;#0A0100&#8243; text_font_size=&#8221;18px&#8221; text_orientation=&#8221;center&#8221; custom_margin=&#8221;||50px|||&#8221; global_colors_info=&#8221;{}&#8221;]<\/p>\n<p>\u00a0PRESTACI\u00d3N DE SERVICIO DE EVENTOS Y ACTIVIDADES SOCIALES, INSTITUCIONALES, PROTOCOLARES, CORPORATIVAS Y COMUNITARIAS REALI<\/p>\n<p>[\/et_pb_text][et_pb_code _builder_version=&#8221;4.17.6&#8243; _module_preset=&#8221;default&#8221; global_colors_info=&#8221;{}&#8221;]<iframe src=\"https:\/\/alcaldiaalbertoadriani.com\/wp-content\/uploads\/2026\/02\/AMAA_CCP_CAS_002-2026-PRESTACION-DE-SERVICIO-DE-EVENTOS-Y-ACTIVIDADES-SOCIALES-INSTITUCIONALES-PROTOCOLARES-CORPORATIVAS-Y-COMUNITARIAS-REALI.pdf\"<!-- [et_pb_line_break_holder] -->height=&#8221;600px&#8221; width=&#8221;100%&#8221; ><\/iframe>[\/et_pb_code][\/et_pb_column][\/et_pb_row][et_pb_row column_structure=&#8221;1_2,1_2&#8243; _builder_version=&#8221;4.17.6&#8243; _module_preset=&#8221;default&#8221; global_colors_info=&#8221;{}&#8221;][et_pb_column type=&#8221;1_2&#8243; _builder_version=&#8221;4.17.6&#8243; _module_preset=&#8221;default&#8221; global_colors_info=&#8221;{}&#8221;][et_pb_text _builder_version=&#8221;4.17.6&#8243; _module_preset=&#8221;default&#8221; text_font=&#8221;|800|||||||&#8221; text_text_color=&#8221;#0A0100&#8243; text_font_size=&#8221;18px&#8221; text_orientation=&#8221;center&#8221; global_colors_info=&#8221;{}&#8221;]<\/p>\n<p>ALQUILER DE MAQUINARIA PESADA PARA LA ATENCION DE REQUERIMIENTOS EN LAS DISTINTAS COMUNIDADES<\/p>\n<p>[\/et_pb_text][et_pb_code _builder_version=&#8221;4.17.6&#8243; _module_preset=&#8221;default&#8221; custom_margin=&#8221;77px|||||&#8221; global_colors_info=&#8221;{}&#8221;]<iframe src=\"https:\/\/alcaldiaalbertoadriani.com\/wp-content\/uploads\/2026\/02\/AMAA_CCP_CAS_003_2026-ALQUILER-DE-MAQUINARIA-PESADA-PARA-LA-ATENCION-DE-REQUERIMIENTOS-EN-LAS-DISTINTAS-COMUNIDADES.pdf\"<!-- [et_pb_line_break_holder] -->height=&#8221;600px&#8221; width=&#8221;100%&#8221; ><\/iframe>[\/et_pb_code][\/et_pb_column][et_pb_column type=&#8221;1_2&#8243; _builder_version=&#8221;4.17.6&#8243; _module_preset=&#8221;default&#8221; global_colors_info=&#8221;{}&#8221;][et_pb_text _builder_version=&#8221;4.17.6&#8243; _module_preset=&#8221;default&#8221; text_font=&#8221;|800|||||||&#8221; text_text_color=&#8221;#0A0100&#8243; text_font_size=&#8221;18px&#8221; text_orientation=&#8221;center&#8221; custom_margin=&#8221;||55px|||&#8221; global_colors_info=&#8221;{}&#8221;]<\/p>\n<p>\u00a0CONSERVACI\u00d3N, REPARACI\u00d3N Y ADQUISICI\u00d3N DE REPUESTOS PARA LOS CAMIONES COMPACTADORES DESTINADOS A LA RECOLECCI\u00d3N DE LOS DESECHOS S\u00d3<\/p>\n<p>[\/et_pb_text][et_pb_code _builder_version=&#8221;4.17.6&#8243; _module_preset=&#8221;default&#8221; min_height=&#8221;567.8px&#8221; custom_margin=&#8221;5px|||||&#8221; global_colors_info=&#8221;{}&#8221;]<iframe src=\"https:\/\/alcaldiaalbertoadriani.com\/wp-content\/uploads\/2026\/02\/AMAA_CCP_CAS_004-2026-CONSERVACION-REPARACION-Y-ADQUISICION-DE-REPUESTOS-PARA-LOS-CAMIONES-COMPACTADORES-DESTINADOS-A-LA-RECOLECCION-DE-LOS-DESECHOS-SO.pdf\"<!-- [et_pb_line_break_holder] -->height=&#8221;600px&#8221; width=&#8221;100%&#8221; ><\/iframe>[\/et_pb_code][\/et_pb_column][\/et_pb_row][et_pb_row column_structure=&#8221;1_2,1_2&#8243; _builder_version=&#8221;4.17.6&#8243; _module_preset=&#8221;default&#8221; global_colors_info=&#8221;{}&#8221;][et_pb_column type=&#8221;1_2&#8243; _builder_version=&#8221;4.17.6&#8243; _module_preset=&#8221;default&#8221; global_colors_info=&#8221;{}&#8221;][et_pb_text _builder_version=&#8221;4.17.6&#8243; _module_preset=&#8221;default&#8221; text_font=&#8221;|800|||||||&#8221; text_text_color=&#8221;#0A0100&#8243; text_font_size=&#8221;18px&#8221; text_orientation=&#8221;center&#8221; global_colors_info=&#8221;{}&#8221;]<\/p>\n<p>\u00a0SUMINISTRO DE AGUA POTABLE PARA EL CONSUMO DEL PERSONAL<\/p>\n<p>[\/et_pb_text][et_pb_code _builder_version=&#8221;4.17.6&#8243; _module_preset=&#8221;default&#8221; custom_margin=&#8221;52px|||||&#8221; global_colors_info=&#8221;{}&#8221;]<iframe src=\"https:\/\/alcaldiaalbertoadriani.com\/wp-content\/uploads\/2026\/02\/AMAA_CCP_CAS_005-2026-SUMINISTRO-DE-AGUA-POTABLE-PARA-EL-CONSUMO-DEL-PERSONAL.pdf\"<!-- [et_pb_line_break_holder] -->height=&#8221;600px&#8221; width=&#8221;100%&#8221; ><\/iframe>[\/et_pb_code][\/et_pb_column][et_pb_column type=&#8221;1_2&#8243; _builder_version=&#8221;4.17.6&#8243; _module_preset=&#8221;default&#8221; global_colors_info=&#8221;{}&#8221;][et_pb_text _builder_version=&#8221;4.17.6&#8243; _module_preset=&#8221;default&#8221; text_font=&#8221;|800|||||||&#8221; text_text_color=&#8221;#0A0100&#8243; text_font_size=&#8221;18px&#8221; text_orientation=&#8221;center&#8221; global_colors_info=&#8221;{}&#8221;]<\/p>\n<p>\u00a0SUMINISTRO DE ALMUERZO PARA EL PERSONAL DE LA ALCALD\u00cdA DEL MUNICIPIO ALBERTO ADRIANI DEL ESTADO BOLIVARIANO DE MERIDA<\/p>\n<p>[\/et_pb_text][et_pb_code _builder_version=&#8221;4.17.6&#8243; _module_preset=&#8221;default&#8221; global_colors_info=&#8221;{}&#8221;]<iframe src=\"https:\/\/alcaldiaalbertoadriani.com\/wp-content\/uploads\/2026\/02\/AMAA_CCP_CAS_006-2026-SUMINISTRO-DE-ALMUERZO-PARA-EL-PERSONAL-DE-LA-ALCALDIA-DEL-MUNICIPIO-ALBERTO-ADRIANI-DEL-ESTADO-BOLIVARIANO-DE-MERIDA.pdf\"<!-- [et_pb_line_break_holder] -->height=&#8221;600px&#8221; width=&#8221;100%&#8221; ><\/iframe>[\/et_pb_code][\/et_pb_column][\/et_pb_row][et_pb_row column_structure=&#8221;1_2,1_2&#8243; _builder_version=&#8221;4.17.6&#8243; _module_preset=&#8221;default&#8221; global_colors_info=&#8221;{}&#8221;][et_pb_column type=&#8221;1_2&#8243; _builder_version=&#8221;4.17.6&#8243; _module_preset=&#8221;default&#8221; global_colors_info=&#8221;{}&#8221;][et_pb_text _builder_version=&#8221;4.17.6&#8243; _module_preset=&#8221;default&#8221; text_font=&#8221;|800|||||||&#8221; text_text_color=&#8221;#0A0100&#8243; text_font_size=&#8221;18px&#8221; text_orientation=&#8221;center&#8221; global_colors_info=&#8221;{}&#8221;]<\/p>\n<p>\u00a0SERVICIO DE TRANSPORTE PARA EL TRASLADO DE PERSONAL, HERRAMIENTAS Y EQUIPOS PARA EL DESARROLLO DEL PLAN RENACER MI VIG\u00cdA Q<\/p>\n<p>[\/et_pb_text][et_pb_code _builder_version=&#8221;4.17.6&#8243; _module_preset=&#8221;default&#8221; custom_margin=&#8221;76px|||||&#8221; global_colors_info=&#8221;{}&#8221;]<iframe src=\"https:\/\/alcaldiaalbertoadriani.com\/wp-content\/uploads\/2026\/02\/AMAA_CCP_CAS_007-2026-SERVICIO-DE-TRANSPORTE-PARA-EL-TRASLADO-DE-PERSONAL-HERRAMIENTAS-Y-EQUIPOS-PARA-EL-DESARROLLO-DEL-PLAN-RENACER-MI-VIGIA-Q.pdf\"<!-- [et_pb_line_break_holder] -->height=&#8221;600px&#8221; width=&#8221;100%&#8221; ><\/iframe>[\/et_pb_code][et_pb_text _builder_version=&#8221;4.17.6&#8243; _module_preset=&#8221;default&#8221; text_font=&#8221;|800|||||||&#8221; text_text_color=&#8221;#0A0100&#8243; text_font_size=&#8221;18px&#8221; text_orientation=&#8221;center&#8221; global_colors_info=&#8221;{}&#8221;]<\/p>\n<p>SERVICIOS DE TRABAJOS DE SOLDADURA<\/p>\n<p>[\/et_pb_text][et_pb_code _builder_version=&#8221;4.17.6&#8243; _module_preset=&#8221;default&#8221; custom_margin=&#8221;76px|||||&#8221; global_colors_info=&#8221;{}&#8221;]<iframe src=\"https:\/\/alcaldiaalbertoadriani.com\/wp-content\/uploads\/2026\/02\/AMAA_CCP_CAS_009_2026-SERVICIOS-DE-TRABAJOS-DE-SOLDADURA.pdf\"<!-- [et_pb_line_break_holder] -->height=&#8221;600px&#8221; width=&#8221;100%&#8221; ><\/iframe>[\/et_pb_code][et_pb_text _builder_version=&#8221;4.17.6&#8243; _module_preset=&#8221;default&#8221; text_font=&#8221;|800|||||||&#8221; text_text_color=&#8221;#0A0100&#8243; text_font_size=&#8221;18px&#8221; text_orientation=&#8221;center&#8221; global_colors_info=&#8221;{}&#8221;]<\/p>\n<p>\u00a0IMPRESION E INSTALACION DE VALLAS<\/p>\n<p>[\/et_pb_text][et_pb_code _builder_version=&#8221;4.17.6&#8243; _module_preset=&#8221;default&#8221; custom_margin=&#8221;48px|||||&#8221; hover_enabled=&#8221;0&#8243; global_colors_info=&#8221;{}&#8221; sticky_enabled=&#8221;0&#8243;]<iframe src=\"https:\/\/alcaldiaalbertoadriani.com\/wp-content\/uploads\/2026\/04\/AMAA_CCP_CAS_011-2026-IMPRESION-E-INSTALACION-DE-VALLAS-1ult.pdf\"<!-- [et_pb_line_break_holder] -->height=&#8221;600px&#8221; width=&#8221;100%&#8221; ><\/iframe>[\/et_pb_code][et_pb_text _builder_version=&#8221;4.17.6&#8243; _module_preset=&#8221;default&#8221; text_font=&#8221;|800|||||||&#8221; text_text_color=&#8221;#0A0100&#8243; text_font_size=&#8221;18px&#8221; text_orientation=&#8221;center&#8221; hover_enabled=&#8221;0&#8243; global_colors_info=&#8221;{}&#8221; sticky_enabled=&#8221;0&#8243;]<\/p>\n<p>CONSTRUCCION DE ASADEROS Y REHABILITACI\u00d3N DE LA LAGUNA DEL PARQUE LA GUACAMAYA<\/p>\n<p>[\/et_pb_text][et_pb_code _builder_version=&#8221;4.17.6&#8243; _module_preset=&#8221;default&#8221; custom_margin=&#8221;48px|||||&#8221; hover_enabled=&#8221;0&#8243; global_colors_info=&#8221;{}&#8221; sticky_enabled=&#8221;0&#8243;]<iframe src=\"https:\/\/alcaldiaalbertoadriani.com\/wp-content\/uploads\/2026\/04\/AMAA_CCP_CAS_013-2026-CONSTRUCCION-DE-ASADEROS-Y-REHABILITACION-DE-LA-LAGUNA-DEL-PARQUE-LA-GUACAMAYA-ult.pdf\"<!-- [et_pb_line_break_holder] -->height=&#8221;600px&#8221; width=&#8221;100%&#8221; ><\/iframe>[\/et_pb_code][\/et_pb_column][et_pb_column type=&#8221;1_2&#8243; _builder_version=&#8221;4.17.6&#8243; _module_preset=&#8221;default&#8221; global_colors_info=&#8221;{}&#8221;][et_pb_text _builder_version=&#8221;4.17.6&#8243; _module_preset=&#8221;default&#8221; text_font=&#8221;|800|||||||&#8221; text_text_color=&#8221;#0A0100&#8243; text_font_size=&#8221;18px&#8221; text_orientation=&#8221;center&#8221; custom_margin=&#8221;||75px|||&#8221; global_colors_info=&#8221;{}&#8221;]<\/p>\n<p>\u00a0SERVICIO DE FLETES PARA LA RECOLECCI\u00d3N DE DESECHOS S\u00d3LIDOS, \u00c1REAS VERDES Y TRASLADO DE MATERIAL GRANULAR REQUERIDOS POR EL<\/p>\n<p>[\/et_pb_text][et_pb_code _builder_version=&#8221;4.17.6&#8243; _module_preset=&#8221;default&#8221; global_colors_info=&#8221;{}&#8221;]<iframe src=\"https:\/\/alcaldiaalbertoadriani.com\/wp-content\/uploads\/2026\/02\/AMAA_CCP_CAS_008-2026-SERVICIO-DE-FLETES-PARA-LA-RECOLECCION-DE-DESECHOS-SOLIDOS-AREAS-VERDES-Y-TRASLADO-DE-MATERIAL-GRANULAR-REQUERIDOS-POR-EL.pdf\"<!-- [et_pb_line_break_holder] -->height=&#8221;600px&#8221; width=&#8221;100%&#8221; ><\/iframe>[\/et_pb_code][et_pb_text _builder_version=&#8221;4.17.6&#8243; _module_preset=&#8221;default&#8221; text_font=&#8221;|800|||||||&#8221; text_text_color=&#8221;#0A0100&#8243; text_font_size=&#8221;18px&#8221; text_orientation=&#8221;center&#8221; custom_margin=&#8221;||47px|||&#8221; hover_enabled=&#8221;0&#8243; global_colors_info=&#8221;{}&#8221; sticky_enabled=&#8221;0&#8243;]<\/p>\n<p>REPARACION Y MANTENIMIENTO DE EQUIPOS ELECTRODOMESTICOS<\/p>\n<p>[\/et_pb_text][et_pb_code _builder_version=&#8221;4.17.6&#8243; _module_preset=&#8221;default&#8221; hover_enabled=&#8221;0&#8243; global_colors_info=&#8221;{}&#8221; sticky_enabled=&#8221;0&#8243;]<iframe src=\"https:\/\/alcaldiaalbertoadriani.com\/wp-content\/uploads\/2026\/04\/AMAA_CCP_CAS_010-2026-REPARACION-Y-MANTENIMIENTO-DE-EQUIPOS-ELECTRODOMESTICOS-1ult.pdf\"<!-- [et_pb_line_break_holder] -->height=&#8221;600px&#8221; width=&#8221;100%&#8221; ><\/iframe>[\/et_pb_code][et_pb_text _builder_version=&#8221;4.17.6&#8243; _module_preset=&#8221;default&#8221; text_font=&#8221;|800|||||||&#8221; text_text_color=&#8221;#0A0100&#8243; text_font_size=&#8221;18px&#8221; text_orientation=&#8221;center&#8221; custom_margin=&#8221;||49px|||&#8221; hover_enabled=&#8221;0&#8243; global_colors_info=&#8221;{}&#8221; sticky_enabled=&#8221;0&#8243;]<\/p>\n<p>CONFECCION Y ELABORACION DE UNIFORMES<\/p>\n<p>[\/et_pb_text][et_pb_code _builder_version=&#8221;4.17.6&#8243; _module_preset=&#8221;default&#8221; hover_enabled=&#8221;0&#8243; global_colors_info=&#8221;{}&#8221; sticky_enabled=&#8221;0&#8243;]<iframe src=\"https:\/\/alcaldiaalbertoadriani.com\/wp-content\/uploads\/2026\/04\/AMAA_CCP_CAS_012-2026-CONFECCION-Y-ELABORACION-DE-UNIFORMES-ult.pdf\"<!-- [et_pb_line_break_holder] -->height=&#8221;600px&#8221; width=&#8221;100%&#8221; ><\/iframe>[\/et_pb_code][et_pb_text _builder_version=&#8221;4.17.6&#8243; _module_preset=&#8221;default&#8221; text_font=&#8221;|800|||||||&#8221; text_text_color=&#8221;#0A0100&#8243; text_font_size=&#8221;18px&#8221; text_orientation=&#8221;center&#8221; custom_margin=&#8221;||49px|||&#8221; hover_enabled=&#8221;0&#8243; global_colors_info=&#8221;{}&#8221; sticky_enabled=&#8221;0&#8243;]<\/p>\n<p>CONSTRUCCI\u00d3N DEL CERCADO PERIMETRAL DEL EDIFICIO RENACER<\/p>\n<p>[\/et_pb_text][et_pb_code _builder_version=&#8221;4.17.6&#8243; _module_preset=&#8221;default&#8221; hover_enabled=&#8221;0&#8243; global_colors_info=&#8221;{}&#8221; sticky_enabled=&#8221;0&#8243;]<iframe src=\"https:\/\/alcaldiaalbertoadriani.com\/wp-content\/uploads\/2026\/04\/AMAA_CCP_CAS_014-2026-CONSTRUCCION-DEL-CERCADO-PERIMETRAL-DEL-EDIFICIO-RENACER-ult.pdf\"<!-- [et_pb_line_break_holder] -->height=&#8221;600px&#8221; width=&#8221;100%&#8221; ><\/iframe>[\/et_pb_code][\/et_pb_column][\/et_pb_row][\/et_pb_section]<\/p>\n","protected":false},"excerpt":{"rendered":"<p>&nbsp; &nbsp;Llamado a concurso abierto de servicio\u00a02026\u00a0SERVICIO DE PUBLICIDAD Y PROPAGANDA RADIAL, TELEVISIVA Y DIGITAL PARA LA PROMOCI\u00d3N INSTITUCIONAL DE LA ALCALD\u00cdA DEL MUNI\u00a0PRESTACI\u00d3N DE SERVICIO DE EVENTOS Y ACTIVIDADES [&hellip;]<\/p>\n","protected":false},"author":1,"featured_media":0,"parent":0,"menu_order":0,"comment_status":"closed","ping_status":"closed","template":"","meta":{"_et_pb_use_builder":"on","_et_pb_old_content":"","_et_gb_content_width":"","footnotes":""},"class_list":["post-15062","page","type-page","status-publish","hentry"],"yoast_head":"<!-- This site is optimized with the Yoast SEO plugin v19.13 - https:\/\/yoast.com\/wordpress\/plugins\/seo\/ -->\n<title>CONCURSO ABIERTO DE SERVICIO-26- F - Alcaldia Alberto Adriani<\/title>\n<meta name=\"robots\" content=\"index, follow, max-snippet:-1, max-image-preview:large, max-video-preview:-1\" \/>\n<link rel=\"canonical\" href=\"https:\/\/alcaldiaalbertoadriani.com\/?page_id=15062\" \/>\n<meta property=\"og:locale\" content=\"es_ES\" \/>\n<meta property=\"og:type\" content=\"article\" \/>\n<meta property=\"og:title\" content=\"CONCURSO ABIERTO DE SERVICIO-26- F - Alcaldia Alberto Adriani\" \/>\n<meta property=\"og:description\" content=\"&nbsp; &nbsp;Llamado a concurso abierto de servicio\u00a02026\u00a0SERVICIO DE PUBLICIDAD Y PROPAGANDA RADIAL, TELEVISIVA Y DIGITAL PARA LA PROMOCI\u00d3N INSTITUCIONAL DE LA ALCALD\u00cdA DEL MUNI\u00a0PRESTACI\u00d3N DE SERVICIO DE EVENTOS Y ACTIVIDADES [&hellip;]\" \/>\n<meta property=\"og:url\" content=\"https:\/\/alcaldiaalbertoadriani.com\/?page_id=15062\" \/>\n<meta property=\"og:site_name\" content=\"Alcaldia Alberto Adriani\" \/>\n<meta property=\"article:modified_time\" content=\"2026-04-08T21:37:10+00:00\" \/>\n<meta name=\"twitter:card\" content=\"summary_large_image\" \/>\n<script type=\"application\/ld+json\" class=\"yoast-schema-graph\">{\"@context\":\"https:\/\/schema.org\",\"@graph\":[{\"@type\":\"WebPage\",\"@id\":\"https:\/\/alcaldiaalbertoadriani.com\/?page_id=15062\",\"url\":\"https:\/\/alcaldiaalbertoadriani.com\/?page_id=15062\",\"name\":\"CONCURSO ABIERTO DE SERVICIO-26- F - Alcaldia Alberto Adriani\",\"isPartOf\":{\"@id\":\"https:\/\/alcaldiaalbertoadriani.com\/#website\"},\"datePublished\":\"2026-02-18T21:56:51+00:00\",\"dateModified\":\"2026-04-08T21:37:10+00:00\",\"breadcrumb\":{\"@id\":\"https:\/\/alcaldiaalbertoadriani.com\/?page_id=15062#breadcrumb\"},\"inLanguage\":\"es\",\"potentialAction\":[{\"@type\":\"ReadAction\",\"target\":[\"https:\/\/alcaldiaalbertoadriani.com\/?page_id=15062\"]}]},{\"@type\":\"BreadcrumbList\",\"@id\":\"https:\/\/alcaldiaalbertoadriani.com\/?page_id=15062#breadcrumb\",\"itemListElement\":[{\"@type\":\"ListItem\",\"position\":1,\"name\":\"Portada\",\"item\":\"https:\/\/alcaldiaalbertoadriani.com\/\"},{\"@type\":\"ListItem\",\"position\":2,\"name\":\"CONCURSO ABIERTO DE SERVICIO-26- F\"}]},{\"@type\":\"WebSite\",\"@id\":\"https:\/\/alcaldiaalbertoadriani.com\/#website\",\"url\":\"https:\/\/alcaldiaalbertoadriani.com\/\",\"name\":\"Alcaldia Alberto Adriani\",\"description\":\"\",\"potentialAction\":[{\"@type\":\"SearchAction\",\"target\":{\"@type\":\"EntryPoint\",\"urlTemplate\":\"https:\/\/alcaldiaalbertoadriani.com\/?s={search_term_string}\"},\"query-input\":\"required name=search_term_string\"}],\"inLanguage\":\"es\"}]}<\/script>\n<!-- \/ Yoast SEO plugin. -->","yoast_head_json":{"title":"CONCURSO ABIERTO DE SERVICIO-26- F - Alcaldia Alberto Adriani","robots":{"index":"index","follow":"follow","max-snippet":"max-snippet:-1","max-image-preview":"max-image-preview:large","max-video-preview":"max-video-preview:-1"},"canonical":"https:\/\/alcaldiaalbertoadriani.com\/?page_id=15062","og_locale":"es_ES","og_type":"article","og_title":"CONCURSO ABIERTO DE SERVICIO-26- F - Alcaldia Alberto Adriani","og_description":"&nbsp; &nbsp;Llamado a concurso abierto de servicio\u00a02026\u00a0SERVICIO DE PUBLICIDAD Y PROPAGANDA RADIAL, TELEVISIVA Y DIGITAL PARA LA PROMOCI\u00d3N INSTITUCIONAL DE LA ALCALD\u00cdA DEL MUNI\u00a0PRESTACI\u00d3N DE SERVICIO DE EVENTOS Y ACTIVIDADES [&hellip;]","og_url":"https:\/\/alcaldiaalbertoadriani.com\/?page_id=15062","og_site_name":"Alcaldia Alberto Adriani","article_modified_time":"2026-04-08T21:37:10+00:00","twitter_card":"summary_large_image","schema":{"@context":"https:\/\/schema.org","@graph":[{"@type":"WebPage","@id":"https:\/\/alcaldiaalbertoadriani.com\/?page_id=15062","url":"https:\/\/alcaldiaalbertoadriani.com\/?page_id=15062","name":"CONCURSO ABIERTO DE SERVICIO-26- F - Alcaldia Alberto Adriani","isPartOf":{"@id":"https:\/\/alcaldiaalbertoadriani.com\/#website"},"datePublished":"2026-02-18T21:56:51+00:00","dateModified":"2026-04-08T21:37:10+00:00","breadcrumb":{"@id":"https:\/\/alcaldiaalbertoadriani.com\/?page_id=15062#breadcrumb"},"inLanguage":"es","potentialAction":[{"@type":"ReadAction","target":["https:\/\/alcaldiaalbertoadriani.com\/?page_id=15062"]}]},{"@type":"BreadcrumbList","@id":"https:\/\/alcaldiaalbertoadriani.com\/?page_id=15062#breadcrumb","itemListElement":[{"@type":"ListItem","position":1,"name":"Portada","item":"https:\/\/alcaldiaalbertoadriani.com\/"},{"@type":"ListItem","position":2,"name":"CONCURSO ABIERTO DE SERVICIO-26- F"}]},{"@type":"WebSite","@id":"https:\/\/alcaldiaalbertoadriani.com\/#website","url":"https:\/\/alcaldiaalbertoadriani.com\/","name":"Alcaldia Alberto Adriani","description":"","potentialAction":[{"@type":"SearchAction","target":{"@type":"EntryPoint","urlTemplate":"https:\/\/alcaldiaalbertoadriani.com\/?s={search_term_string}"},"query-input":"required name=search_term_string"}],"inLanguage":"es"}]}},"_links":{"self":[{"href":"https:\/\/alcaldiaalbertoadriani.com\/index.php?rest_route=\/wp\/v2\/pages\/15062","targetHints":{"allow":["GET"]}}],"collection":[{"href":"https:\/\/alcaldiaalbertoadriani.com\/index.php?rest_route=\/wp\/v2\/pages"}],"about":[{"href":"https:\/\/alcaldiaalbertoadriani.com\/index.php?rest_route=\/wp\/v2\/types\/page"}],"author":[{"embeddable":true,"href":"https:\/\/alcaldiaalbertoadriani.com\/index.php?rest_route=\/wp\/v2\/users\/1"}],"replies":[{"embeddable":true,"href":"https:\/\/alcaldiaalbertoadriani.com\/index.php?rest_route=%2Fwp%2Fv2%2Fcomments&post=15062"}],"version-history":[{"count":5,"href":"https:\/\/alcaldiaalbertoadriani.com\/index.php?rest_route=\/wp\/v2\/pages\/15062\/revisions"}],"predecessor-version":[{"id":15754,"href":"https:\/\/alcaldiaalbertoadriani.com\/index.php?rest_route=\/wp\/v2\/pages\/15062\/revisions\/15754"}],"wp:attachment":[{"href":"https:\/\/alcaldiaalbertoadriani.com\/index.php?rest_route=%2Fwp%2Fv2%2Fmedia&parent=15062"}],"curies":[{"name":"wp","href":"https:\/\/api.w.org\/{rel}","templated":true}]}}